{"id":2224,"date":"2025-07-10T08:45:44","date_gmt":"2025-07-10T05:45:44","guid":{"rendered":"https:\/\/www.ikiliikkuja.fi\/ulkoilu\/vie-vanhus-ulos-kampanja\/"},"modified":"2026-01-20T14:44:01","modified_gmt":"2026-01-20T12:44:01","slug":"ga-ut-med-den-aldre-kampanjen","status":"publish","type":"page","link":"https:\/\/www.ikiliikkuja.fi\/sv\/utevistelse\/ga-ut-med-den-aldre-kampanjen\/","title":{"rendered":"G\u00e5 ut med den \u00e4ldre -kampanjen"},"content":{"rendered":"<h1>G\u00e5 ut med den \u00e4ldre -kampanjen<br \/>\n7.\u201320.9.2026<\/h1>\n<p>\u00c4ldreinstitutets \u00e5rliga kampanj G\u00e5 ut med den \u00e4ldre uppmuntrar m\u00e4nniskor att g\u00e5 utomhus med \u00e4ldre personer vars funktionsf\u00f6rm\u00e5ga har minskat. I takt med att befolkningen \u00e5ldras beh\u00f6ver allt fler m\u00e4nniskor hj\u00e4lp och s\u00e4llskap f\u00f6r att kunna komma utomhus.<\/p>\n<p>I den landsomafattande kampanjen samlar man in utevistelser, som genomf\u00f6rts med \u00e4ldre under en tv\u00e5veckorsperiod fr\u00e5n 7 till 20 september 2026.<\/p>\n<p>Alla som vill g\u00f6ra en god g\u00e4rning kan delta i kampanjen.<\/p>\n<h2>S\u00e5 h\u00e4r deltar du i kampanjen<\/h2>\n<p><strong>1. Anm\u00e4l dig (anm\u00e4lan \u00f6ppnar i augusti 2026)<\/strong><\/p>\n<p><strong>Olika enheter<\/strong><strong>:<\/strong>\u00a0Bjud in anh\u00f6riga till \u00e4ldre, f\u00f6reningar, skolklasser, idrottsklubbar etc. att g\u00e5 ut med \u00e4ldre eller organisera en utevistelse.<\/p>\n<p><strong>Volont\u00e4rgrupper:<\/strong> Erbjud er att hj\u00e4lpa till med utevistelser p\u00e5 ett n\u00e4rliggande v\u00e5rdhem.<\/p>\n<p><strong>Enskilda personer<\/strong>: G\u00e5 ut med era n\u00e4ra och k\u00e4ra eller bekanta. Om du inte k\u00e4nner n\u00e5gon \u00e4ldre som beh\u00f6ver hj\u00e4lp med att g\u00e5 ut kan du erbjuda din hj\u00e4lp \u00e5t ett n\u00e4rliggande \u00e4ldreboende eller s\u00f6ka volont\u00e4ruppdrag p\u00e5 webbplatserna vapaaehtoisty\u00f6.fi eller l\u00e4hell\u00e4.fi.<\/p>\n<p><strong>2. Dela dina utevistelsetips och erfarenheter p\u00e5 sociala medier.<br \/>\n<\/strong><br \/>\nAnv\u00e4nd hashtaggen #VieVanhusUlos #G\u00e5UtMedDen\u00c4ldre och f\u00f6lj kampanjen p\u00e5 Instagram @VieVanhusUlos och Facebook @Ik\u00e4instituutti<\/p>\n<p><strong>3. Samla in och rapportera alla utevistelser under kampanjen.<\/strong><\/p>\n<p>Vi kommer att publicera statistik \u00f6ver utevistelserna samt dela ut priser bland dem som har rapporterat sina utevistelseg\u00e5nger.<\/p>\n<h2>Instruktioner f\u00f6r ber\u00e4kning av utevistelserna<\/h2>\n<p>Varje gemensamt \u00f6gonblick n\u00e4r en \u00e4ldre person flyttar sig inifr\u00e5n till tr\u00e4dg\u00e5rden eller balkongen r\u00e4knas som en utevistelse. Vid utomhusevenemang motsvarar antalet utevistelser antalet \u00e4ldre personer som har varit utomhus. Om en \u00e4ldre person avb\u00f6jer en m\u00f6jlighet att g\u00e5 ut \u00e4r det en god id\u00e9 att uppmuntra hen att g\u00e5 ut senare f\u00f6r att g\u00f6ra n\u00e5got, hen tycker om.<\/p>\n<p>Kampanjen bygger p\u00e5 principerna f\u00f6r volont\u00e4rarbete \u2013 \u00f6msesidighet och j\u00e4mlikhet, sj\u00e4lvbest\u00e4mmande, p\u00e5litlighet, opartiskhet och ansvar \u2013 som alla deltagare i kampanjen f\u00f6rv\u00e4ntas f\u00f6lja. Principerna f\u00f6r volont\u00e4rarbete f\u00f6rklaras mer detaljerat p\u00e5 \u00c4ldreinstitutets webbplats. \u00c4ldreinstitutet tolererar inte rasism eller n\u00e5gon annan form av diskriminering.<\/p>\n<h2>Kort \u00f6versikt \u00f6ver kampanjen<\/h2>\n<p>Kampanjen G\u00e5 ut med den \u00e4ldre har organiserats \u00e5rligen sedan 2011.<br \/>\nDet h\u00f6gsta antalet utomhusaktiviteter registrerades 2025: 76 770 utomhusaktiviteter p\u00e5 tv\u00e5 veckor.<br \/>\n\u00c5lderdomen \u00e4r ett v\u00e4rdefullt livsskede. Syftet med kampanjen \u00e4r att ge s\u00e5 m\u00e5nga \u00e4ldre som m\u00f6jligt, som beh\u00f6ver hj\u00e4lp f\u00f6r att komma ut, mer utomhusgl\u00e4dje. Det kortfattade kampanjnamnet anv\u00e4nder ordet \u201d\u00e4ldre\u201d f\u00f6r att beskriva det faktum att utevistelse kr\u00e4ver st\u00f6d av andra.<\/p>\n<h2>Kontaktuppgifter:<\/h2>\n<p>Eveliina Palvimo, tel. 040 639 0724<br \/>\nHanna Valkeinen, tel. 040 184 7549<\/p>\n<p>Mediekontakter:<br \/>\nKati Savela-Vilmari, tel. 0400 814 550<\/p>\n<p>E-post: etunimi.sukunimi@ikainstituutti.fi<\/p>\n","protected":false},"excerpt":{"rendered":"<p>G\u00e5 ut med den \u00e4ldre -kampanjen 7.\u201320.9.2026 \u00c4ldreinstitutets \u00e5rliga kampanj G\u00e5 ut med den \u00e4ldre uppmuntrar m\u00e4nniskor att g\u00e5 utomhus med \u00e4ldre personer vars funktionsf\u00f6rm\u00e5ga har minskat. I takt med att befolkningen \u00e5ldras beh\u00f6ver allt fler m\u00e4nniskor hj\u00e4lp och s\u00e4llskap f\u00f6r att kunna komma utomhus. I den landsomafattande kampanjen samlar man in utevistelser, som genomf\u00f6rts [&hellip;]<\/p>\n","protected":false},"author":1,"featured_media":437,"parent":1996,"menu_order":0,"comment_status":"closed","ping_status":"closed","template":"","meta":{"inline_featured_image":false,"footnotes":""},"class_list":["post-2224","page","type-page","status-publish","has-post-thumbnail","hentry"],"yoast_head":"<!-- This site is optimized with the Yoast SEO plugin v27.3 - https:\/\/yoast.com\/product\/yoast-seo-wordpress\/ -->\n<title>G\u00e5 ut med den \u00e4ldre -kampanjen - Ikiliikkuja<\/title>\n<meta name=\"description\" content=\"Ik\u00e4instituutin vuosittainen Vie vanhus ulos -kampanja kutsuu ulkoilemaan toimintakyvylt\u00e4\u00e4n heikentyneiden ik\u00e4ihmisten kanssa.\" \/>\n<meta name=\"robots\" content=\"index, follow, max-snippet:-1, max-image-preview:large, max-video-preview:-1\" \/>\n<link rel=\"canonical\" href=\"https:\/\/www.ikiliikkuja.fi\/sv\/utevistelse\/ga-ut-med-den-aldre-kampanjen\/\" \/>\n<meta property=\"og:locale\" content=\"sv_SE\" \/>\n<meta property=\"og:type\" content=\"article\" \/>\n<meta property=\"og:title\" content=\"G\u00e5 ut med den \u00e4ldre -kampanjen - Ikiliikkuja\" \/>\n<meta property=\"og:description\" content=\"Ik\u00e4instituutin vuosittainen Vie vanhus ulos -kampanja kutsuu ulkoilemaan toimintakyvylt\u00e4\u00e4n heikentyneiden ik\u00e4ihmisten kanssa.\" \/>\n<meta property=\"og:url\" content=\"https:\/\/www.ikiliikkuja.fi\/sv\/utevistelse\/ga-ut-med-den-aldre-kampanjen\/\" \/>\n<meta property=\"og:site_name\" content=\"Ikiliikkuja\" \/>\n<meta property=\"article:modified_time\" content=\"2026-01-20T12:44:01+00:00\" \/>\n<meta property=\"og:image\" content=\"https:\/\/www.ikainstituutti.fi\/content\/uploads\/sites\/2\/2025\/08\/VVU-kampanja-kuvitus6.png\" \/>\n\t<meta property=\"og:image:width\" content=\"2048\" \/>\n\t<meta property=\"og:image:height\" content=\"1365\" \/>\n\t<meta property=\"og:image:type\" content=\"image\/png\" \/>\n<meta name=\"twitter:card\" content=\"summary_large_image\" \/>\n<meta name=\"twitter:label1\" content=\"Est. reading time\" \/>\n\t<meta name=\"twitter:data1\" content=\"3 minutes\" \/>\n<script type=\"application\/ld+json\" class=\"yoast-schema-graph\">{\"@context\":\"https:\\\/\\\/schema.org\",\"@graph\":[{\"@type\":\"WebPage\",\"@id\":\"https:\\\/\\\/www.ikiliikkuja.fi\\\/sv\\\/utevistelse\\\/ga-ut-med-den-aldre-kampanjen\\\/\",\"url\":\"https:\\\/\\\/www.ikiliikkuja.fi\\\/sv\\\/utevistelse\\\/ga-ut-med-den-aldre-kampanjen\\\/\",\"name\":\"G\u00e5 ut med den \u00e4ldre -kampanjen - Ikiliikkuja\",\"isPartOf\":{\"@id\":\"https:\\\/\\\/www.ikiliikkuja.fi\\\/sv\\\/#website\"},\"primaryImageOfPage\":{\"@id\":\"https:\\\/\\\/www.ikiliikkuja.fi\\\/sv\\\/utevistelse\\\/ga-ut-med-den-aldre-kampanjen\\\/#primaryimage\"},\"image\":{\"@id\":\"https:\\\/\\\/www.ikiliikkuja.fi\\\/sv\\\/utevistelse\\\/ga-ut-med-den-aldre-kampanjen\\\/#primaryimage\"},\"thumbnailUrl\":\"https:\\\/\\\/www.ikainstituutti.fi\\\/content\\\/uploads\\\/sites\\\/2\\\/2025\\\/08\\\/VVU-kampanja-kuvitus6.png\",\"datePublished\":\"2025-07-10T05:45:44+00:00\",\"dateModified\":\"2026-01-20T12:44:01+00:00\",\"description\":\"Ik\u00e4instituutin vuosittainen Vie vanhus ulos -kampanja kutsuu ulkoilemaan toimintakyvylt\u00e4\u00e4n heikentyneiden ik\u00e4ihmisten kanssa.\",\"breadcrumb\":{\"@id\":\"https:\\\/\\\/www.ikiliikkuja.fi\\\/sv\\\/utevistelse\\\/ga-ut-med-den-aldre-kampanjen\\\/#breadcrumb\"},\"inLanguage\":\"sv-SE\",\"potentialAction\":[{\"@type\":\"ReadAction\",\"target\":[\"https:\\\/\\\/www.ikiliikkuja.fi\\\/sv\\\/utevistelse\\\/ga-ut-med-den-aldre-kampanjen\\\/\"]}]},{\"@type\":\"ImageObject\",\"inLanguage\":\"sv-SE\",\"@id\":\"https:\\\/\\\/www.ikiliikkuja.fi\\\/sv\\\/utevistelse\\\/ga-ut-med-den-aldre-kampanjen\\\/#primaryimage\",\"url\":\"https:\\\/\\\/www.ikainstituutti.fi\\\/content\\\/uploads\\\/sites\\\/2\\\/2025\\\/08\\\/VVU-kampanja-kuvitus6.png\",\"contentUrl\":\"https:\\\/\\\/www.ikainstituutti.fi\\\/content\\\/uploads\\\/sites\\\/2\\\/2025\\\/08\\\/VVU-kampanja-kuvitus6.png\",\"width\":2048,\"height\":1365},{\"@type\":\"BreadcrumbList\",\"@id\":\"https:\\\/\\\/www.ikiliikkuja.fi\\\/sv\\\/utevistelse\\\/ga-ut-med-den-aldre-kampanjen\\\/#breadcrumb\",\"itemListElement\":[{\"@type\":\"ListItem\",\"position\":1,\"name\":\"Etusivu\",\"item\":\"https:\\\/\\\/www.ikiliikkuja.fi\\\/sv\\\/\"},{\"@type\":\"ListItem\",\"position\":2,\"name\":\"Utevistelse\",\"item\":\"https:\\\/\\\/www.ikiliikkuja.fi\\\/sv\\\/utevistelse\\\/\"},{\"@type\":\"ListItem\",\"position\":3,\"name\":\"G\u00e5 ut med den \u00e4ldre -kampanjen\"}]},{\"@type\":\"WebSite\",\"@id\":\"https:\\\/\\\/www.ikiliikkuja.fi\\\/sv\\\/#website\",\"url\":\"https:\\\/\\\/www.ikiliikkuja.fi\\\/sv\\\/\",\"name\":\"Ikiliikkuja\",\"description\":\"\",\"potentialAction\":[{\"@type\":\"SearchAction\",\"target\":{\"@type\":\"EntryPoint\",\"urlTemplate\":\"https:\\\/\\\/www.ikiliikkuja.fi\\\/sv\\\/?s={search_term_string}\"},\"query-input\":{\"@type\":\"PropertyValueSpecification\",\"valueRequired\":true,\"valueName\":\"search_term_string\"}}],\"inLanguage\":\"sv-SE\"}]}<\/script>\n<!-- \/ Yoast SEO plugin. -->","yoast_head_json":{"title":"G\u00e5 ut med den \u00e4ldre -kampanjen - Ikiliikkuja","description":"Ik\u00e4instituutin vuosittainen Vie vanhus ulos -kampanja kutsuu ulkoilemaan toimintakyvylt\u00e4\u00e4n heikentyneiden ik\u00e4ihmisten kanssa.","robots":{"index":"index","follow":"follow","max-snippet":"max-snippet:-1","max-image-preview":"max-image-preview:large","max-video-preview":"max-video-preview:-1"},"canonical":"https:\/\/www.ikiliikkuja.fi\/sv\/utevistelse\/ga-ut-med-den-aldre-kampanjen\/","og_locale":"sv_SE","og_type":"article","og_title":"G\u00e5 ut med den \u00e4ldre -kampanjen - Ikiliikkuja","og_description":"Ik\u00e4instituutin vuosittainen Vie vanhus ulos -kampanja kutsuu ulkoilemaan toimintakyvylt\u00e4\u00e4n heikentyneiden ik\u00e4ihmisten kanssa.","og_url":"https:\/\/www.ikiliikkuja.fi\/sv\/utevistelse\/ga-ut-med-den-aldre-kampanjen\/","og_site_name":"Ikiliikkuja","article_modified_time":"2026-01-20T12:44:01+00:00","og_image":[{"width":2048,"height":1365,"url":"https:\/\/www.ikainstituutti.fi\/content\/uploads\/sites\/2\/2025\/08\/VVU-kampanja-kuvitus6.png","type":"image\/png"}],"twitter_card":"summary_large_image","twitter_misc":{"Est. reading time":"3 minutes"},"schema":{"@context":"https:\/\/schema.org","@graph":[{"@type":"WebPage","@id":"https:\/\/www.ikiliikkuja.fi\/sv\/utevistelse\/ga-ut-med-den-aldre-kampanjen\/","url":"https:\/\/www.ikiliikkuja.fi\/sv\/utevistelse\/ga-ut-med-den-aldre-kampanjen\/","name":"G\u00e5 ut med den \u00e4ldre -kampanjen - Ikiliikkuja","isPartOf":{"@id":"https:\/\/www.ikiliikkuja.fi\/sv\/#website"},"primaryImageOfPage":{"@id":"https:\/\/www.ikiliikkuja.fi\/sv\/utevistelse\/ga-ut-med-den-aldre-kampanjen\/#primaryimage"},"image":{"@id":"https:\/\/www.ikiliikkuja.fi\/sv\/utevistelse\/ga-ut-med-den-aldre-kampanjen\/#primaryimage"},"thumbnailUrl":"https:\/\/www.ikainstituutti.fi\/content\/uploads\/sites\/2\/2025\/08\/VVU-kampanja-kuvitus6.png","datePublished":"2025-07-10T05:45:44+00:00","dateModified":"2026-01-20T12:44:01+00:00","description":"Ik\u00e4instituutin vuosittainen Vie vanhus ulos -kampanja kutsuu ulkoilemaan toimintakyvylt\u00e4\u00e4n heikentyneiden ik\u00e4ihmisten kanssa.","breadcrumb":{"@id":"https:\/\/www.ikiliikkuja.fi\/sv\/utevistelse\/ga-ut-med-den-aldre-kampanjen\/#breadcrumb"},"inLanguage":"sv-SE","potentialAction":[{"@type":"ReadAction","target":["https:\/\/www.ikiliikkuja.fi\/sv\/utevistelse\/ga-ut-med-den-aldre-kampanjen\/"]}]},{"@type":"ImageObject","inLanguage":"sv-SE","@id":"https:\/\/www.ikiliikkuja.fi\/sv\/utevistelse\/ga-ut-med-den-aldre-kampanjen\/#primaryimage","url":"https:\/\/www.ikainstituutti.fi\/content\/uploads\/sites\/2\/2025\/08\/VVU-kampanja-kuvitus6.png","contentUrl":"https:\/\/www.ikainstituutti.fi\/content\/uploads\/sites\/2\/2025\/08\/VVU-kampanja-kuvitus6.png","width":2048,"height":1365},{"@type":"BreadcrumbList","@id":"https:\/\/www.ikiliikkuja.fi\/sv\/utevistelse\/ga-ut-med-den-aldre-kampanjen\/#breadcrumb","itemListElement":[{"@type":"ListItem","position":1,"name":"Etusivu","item":"https:\/\/www.ikiliikkuja.fi\/sv\/"},{"@type":"ListItem","position":2,"name":"Utevistelse","item":"https:\/\/www.ikiliikkuja.fi\/sv\/utevistelse\/"},{"@type":"ListItem","position":3,"name":"G\u00e5 ut med den \u00e4ldre -kampanjen"}]},{"@type":"WebSite","@id":"https:\/\/www.ikiliikkuja.fi\/sv\/#website","url":"https:\/\/www.ikiliikkuja.fi\/sv\/","name":"Ikiliikkuja","description":"","potentialAction":[{"@type":"SearchAction","target":{"@type":"EntryPoint","urlTemplate":"https:\/\/www.ikiliikkuja.fi\/sv\/?s={search_term_string}"},"query-input":{"@type":"PropertyValueSpecification","valueRequired":true,"valueName":"search_term_string"}}],"inLanguage":"sv-SE"}]}},"_links":{"self":[{"href":"https:\/\/www.ikiliikkuja.fi\/sv\/wp-json\/wp\/v2\/pages\/2224","targetHints":{"allow":["GET"]}}],"collection":[{"href":"https:\/\/www.ikiliikkuja.fi\/sv\/wp-json\/wp\/v2\/pages"}],"about":[{"href":"https:\/\/www.ikiliikkuja.fi\/sv\/wp-json\/wp\/v2\/types\/page"}],"author":[{"embeddable":true,"href":"https:\/\/www.ikiliikkuja.fi\/sv\/wp-json\/wp\/v2\/users\/1"}],"replies":[{"embeddable":true,"href":"https:\/\/www.ikiliikkuja.fi\/sv\/wp-json\/wp\/v2\/comments?post=2224"}],"version-history":[{"count":6,"href":"https:\/\/www.ikiliikkuja.fi\/sv\/wp-json\/wp\/v2\/pages\/2224\/revisions"}],"predecessor-version":[{"id":2761,"href":"https:\/\/www.ikiliikkuja.fi\/sv\/wp-json\/wp\/v2\/pages\/2224\/revisions\/2761"}],"up":[{"embeddable":true,"href":"https:\/\/www.ikiliikkuja.fi\/sv\/wp-json\/wp\/v2\/pages\/1996"}],"wp:featuredmedia":[{"embeddable":true,"href":"https:\/\/www.ikiliikkuja.fi\/sv\/wp-json\/wp\/v2\/media\/437"}],"wp:attachment":[{"href":"https:\/\/www.ikiliikkuja.fi\/sv\/wp-json\/wp\/v2\/media?parent=2224"}],"curies":[{"name":"wp","href":"https:\/\/api.w.org\/{rel}","templated":true}]}}